{"id":1593,"date":"2025-05-09T19:53:18","date_gmt":"2025-05-09T17:53:18","guid":{"rendered":"https:\/\/olakino.es\/quiropractica-en-palma-de-mallorca-olakino\/"},"modified":"2025-08-03T16:12:12","modified_gmt":"2025-08-03T14:12:12","slug":"quiropractica-palma","status":"publish","type":"page","link":"https:\/\/olakino.es\/es\/quiropractica-palma\/","title":{"rendered":"Quiropr\u00e1ctica en Palma de Mallorca | Olakino"},"content":{"rendered":"\t\t<div data-elementor-type=\"wp-page\" data-elementor-id=\"1593\" class=\"elementor elementor-1593 elementor-130\" data-elementor-post-type=\"page\">\n\t\t\t\t<div class=\"elementor-element elementor-element-edb41ff e-flex e-con-boxed e-con e-parent\" data-id=\"edb41ff\" data-element_type=\"container\" data-e-type=\"container\">\n\t\t\t\t\t<div class=\"e-con-inner\">\n\t\t\t\t<div class=\"elementor-element elementor-element-32acdb1 elementor-widget elementor-widget-heading\" data-id=\"32acdb1\" data-element_type=\"widget\" data-e-type=\"widget\" data-widget_type=\"heading.default\">\n\t\t\t\t<div class=\"elementor-widget-container\">\n\t\t\t\t\t<h1 class=\"elementor-heading-title elementor-size-default\">Recupera movimiento y alivia el dolor con un cuidado a largo plazo<\/h1>\t\t\t\t<\/div>\n\t\t\t\t<\/div>\n\t\t\t\t<div class=\"elementor-element elementor-element-30269a8 elementor-widget elementor-widget-text-editor\" data-id=\"30269a8\" data-element_type=\"widget\" data-e-type=\"widget\" data-widget_type=\"text-editor.default\">\n\t\t\t\t<div class=\"elementor-widget-container\">\n\t\t\t\t\t\t\t\t\t<p><img decoding=\"async\" style=\"float: right; margin: 0px 0px 30px 30px; width: 350px;\" src=\"https:\/\/olakino.es\/wp-content\/uploads\/2025\/05\/a7d96f47-cb16-4f8f-ba03-441ba3f767a8-scaled-e1748097254884.jpg\">El <strong>cuidado quiropr\u00e1ctico<\/strong> tiene un enfoque natural y sin medicamentos que se centra en la relaci\u00f3n entre la columna vertebral, el sistema nervioso y el funcionamiento global del cuerpo. Al mejorar el movimiento y la alineaci\u00f3n de la columna, se ayuda al cuerpo a recuperar su capacidad natural de autorregularse y sanar. A este equilibrio interno lo llamamos homeostasis. <\/p><p>En nuestra cl\u00ednica en Palma de Mallorca, aplicamos una visi\u00f3n integrativa: combinamos t\u00e9cnicas quiropr\u00e1cticas con conocimientos de medicina integrativa para cuidar tu salud en todos los niveles: f\u00edsico, emocional y mental.<\/p><p><strong>Mucho M\u00e1s que Alivio del Dolor<\/strong><\/p><p>A diferencia de otros enfoques convencionales, la quiropr\u00e1ctica integrativa no se centra \u00fanicamente en los s\u00edntomas. Buscamos las causas profundas de los desequilibrios y trabajamos para restaurar el equilibrio desde dentro.<\/p><p><strong>Entre los beneficios m\u00e1s comunes de la quiropr\u00e1ctica est\u00e1n:<\/strong><\/p><ul><li>Mejor regulaci\u00f3n del sistema nervioso<\/li><li>Alivio del dolor de espalda, cuello y articulaciones<\/li><li>Mayor movilidad y consciencia corporal<\/li><li>Sue\u00f1o m\u00e1s profundo y reparador<\/li><li>Refuerzo del sistema inmune<\/li><li>Reducci\u00f3n del estr\u00e9s y mejora del estado de \u00e1nimo<\/li><li>Un Enfoque Integral y personalizado<\/li><\/ul><p>Tratamos a cada persona de forma \u00fanica. Tu postura, alimentaci\u00f3n, estr\u00e9s emocional o incluso el calzado pueden afectar a tu salud. Por eso combinamos la quiropr\u00e1ctica con herramientas de la medicina funcional y la medicina integrativa, especialmente en casos complejos o cr\u00f3nicos.<\/p><p>T\u00e9cnicas como la Kinesiolog\u00eda Aplicada nos ayudan a identificar bloqueos que muchas veces pasan desapercibidos en modelos m\u00e1s tradicionales.<\/p><p><strong>\u00bfC\u00f3mo Funciona la Quiropr\u00e1ctica?<\/strong><\/p><p>Tu columna vertebral protege la m\u00e9dula espinal, que forma parte del sistema nervioso central y regula funciones vitales como la digesti\u00f3n, la respiraci\u00f3n o el ritmo card\u00edaco. Cuando las v\u00e9rtebras pierden su alineaci\u00f3n o movilidad, pueden afectar al sistema nervioso. A esto lo llamamos subluxaci\u00f3n.<\/p><p><strong>Las subluxaciones pueden deberse a:<\/strong><\/p><ul><li>Estr\u00e9s f\u00edsico (mala postura, lesiones, movimientos repetitivos)<\/li><li>Estr\u00e9s qu\u00edmico (dieta desequilibrada, t\u00f3xicos, medicamentos)<\/li><li>Estr\u00e9s emocional (ansiedad, falta de descanso, preocupaciones)<\/li><\/ul><p>El quiropr\u00e1ctico localiza estas interferencias y las corrige mediante t\u00e9cnicas manuales espec\u00edficas para restaurar el flujo nervioso y la funci\u00f3n corporal.<\/p><p><strong>\u00bfQu\u00e9 es un Ajuste Quiropr\u00e1ctico?<\/strong><\/p><p>El ajuste quiropr\u00e1ctico es una t\u00e9cnica manual que busca corregir desalineaciones vertebrales y liberar la comunicaci\u00f3n entre el cerebro y el cuerpo. A veces puede escucharse un peque\u00f1o sonido: es la liberaci\u00f3n de presi\u00f3n en la articulaci\u00f3n, similar a cuando \u201ccrujen\u201d los nudillos.<\/p><p>Cada ajuste se adapta a la persona. Puede ser manual o con instrumentos. El objetivo siempre es el mismo: liberar tensiones, mejorar el movimiento y optimizar el funcionamiento del sistema nervioso.<\/p><p><strong>Tu Quiropr\u00e1ctico en Palma de Mallorca: Cuidado Profesional y Personalizado<\/strong><\/p><p>Si buscas un quiropr\u00e1ctico en Palma de Mallorca que te acompa\u00f1e de forma cercana y profesional, est\u00e1s en el lugar adecuado.<\/p><p>Nuestro enfoque combina la precisi\u00f3n de los ajustes quiropr\u00e1cticos con la profunda sabidur\u00eda de la medicina integrativa, creando un cuidado verdaderamente personalizado para apoyar las capacidades autocurativas de tu cuerpo. Tanto si padeces dolor de cuello, tensi\u00f3n en la espalda, desequilibrios hormonales o simplemente buscas m\u00e1s tranquilidad en tu vida cotidiana, estamos aqu\u00ed para ayudarte. <\/p>\t\t\t\t\t\t\t\t<\/div>\n\t\t\t\t<\/div>\n\t\t\t\t\t<\/div>\n\t\t\t\t<\/div>\n\t\t\t\t<\/div>\n\t\t","protected":false},"excerpt":{"rendered":"<p>El cuidado quiropr\u00e1ctico tiene un enfoque natural y sin medicamentos que se centra en la relaci\u00f3n entre la columna vertebral, el sistema nervioso y el funcionamiento global del cuerpo. Al mejorar el movimiento y la alineaci\u00f3n de la columna, se ayuda al cuerpo a recuperar su capacidad natural de autorregularse y sanar. A este equilibrio [&hellip;]<\/p>\n","protected":false},"author":1,"featured_media":1537,"parent":0,"menu_order":0,"comment_status":"closed","ping_status":"closed","template":"elementor_theme","meta":{"_acf_changed":false,"_joinchat":[],"footnotes":""},"class_list":["post-1593","page","type-page","status-publish","has-post-thumbnail","hentry"],"acf":[],"_links":{"self":[{"href":"https:\/\/olakino.es\/es\/wp-json\/wp\/v2\/pages\/1593","targetHints":{"allow":["GET"]}}],"collection":[{"href":"https:\/\/olakino.es\/es\/wp-json\/wp\/v2\/pages"}],"about":[{"href":"https:\/\/olakino.es\/es\/wp-json\/wp\/v2\/types\/page"}],"author":[{"embeddable":true,"href":"https:\/\/olakino.es\/es\/wp-json\/wp\/v2\/users\/1"}],"replies":[{"embeddable":true,"href":"https:\/\/olakino.es\/es\/wp-json\/wp\/v2\/comments?post=1593"}],"version-history":[{"count":2,"href":"https:\/\/olakino.es\/es\/wp-json\/wp\/v2\/pages\/1593\/revisions"}],"predecessor-version":[{"id":4215,"href":"https:\/\/olakino.es\/es\/wp-json\/wp\/v2\/pages\/1593\/revisions\/4215"}],"wp:featuredmedia":[{"embeddable":true,"href":"https:\/\/olakino.es\/es\/wp-json\/wp\/v2\/media\/1537"}],"wp:attachment":[{"href":"https:\/\/olakino.es\/es\/wp-json\/wp\/v2\/media?parent=1593"}],"curies":[{"name":"wp","href":"https:\/\/api.w.org\/{rel}","templated":true}]}}